{"id":1532,"date":"2017-07-26T12:40:20","date_gmt":"2017-07-26T10:40:20","guid":{"rendered":"http:\/\/marche-fermier.com\/?page_id=1532"},"modified":"2025-10-03T17:55:08","modified_gmt":"2025-10-03T15:55:08","slug":"scea-la-becassiere","status":"publish","type":"page","link":"https:\/\/marche-fermier.com\/index.php\/scea-la-becassiere\/","title":{"rendered":"SCEA la B\u00e9cassi\u00e8re"},"content":{"rendered":"<div id=\"pl-1532\"  class=\"panel-layout\" ><div id=\"pg-1532-0\"  class=\"panel-grid panel-no-style\" ><div id=\"pgc-1532-0-0\"  class=\"panel-grid-cell\" ><div id=\"panel-1532-0-0-0\" class=\"so-panel widget widget_sow-editor panel-first-child panel-last-child\" data-index=\"0\" ><div class=\"panel-widget-style panel-widget-style-for-1532-0-0-0\" ><div\n\t\t\t\n\t\t\tclass=\"so-widget-sow-editor so-widget-sow-editor-base\"\n\t\t\t\n\t\t>\n<div class=\"siteorigin-widget-tinymce textwidget\">\n\t<p><img loading=\"lazy\" decoding=\"async\" class=\"size-medium wp-image-1314 aligncenter\" src=\"http:\/\/marche-fermier.com\/wp-content\/uploads\/2017\/07\/Duval-300x223.jpg\" alt=\"\" width=\"300\" height=\"223\" srcset=\"https:\/\/marche-fermier.com\/wp-content\/uploads\/2017\/07\/Duval-300x223.jpg 300w, https:\/\/marche-fermier.com\/wp-content\/uploads\/2017\/07\/Duval.jpg 500w\" sizes=\"(max-width: 300px) 100vw, 300px\" \/><\/p>\n<p style=\"text-align: center;\"><span style=\"color: #2b1d02; font-size: 14pt;\">T\u00e9l : 02 41 89 31 62 <\/span><\/p>\n<\/div>\n<\/div><\/div><\/div><\/div><div id=\"pgc-1532-0-1\"  class=\"panel-grid-cell\" ><div id=\"panel-1532-0-1-0\" class=\"so-panel widget widget_sow-image panel-first-child panel-last-child\" data-index=\"1\" ><div class=\"panel-widget-style panel-widget-style-for-1532-0-1-0\" ><div\n\t\t\t\n\t\t\tclass=\"so-widget-sow-image so-widget-sow-image-default-8b5b6f678277-1532\"\n\t\t\t\n\t\t>\n\n<div class=\"sow-image-container\">\n\t\t<img loading=\"lazy\" decoding=\"async\" src=\"https:\/\/marche-fermier.com\/wp-content\/uploads\/2017\/08\/Duval.png\" width=\"539\" height=\"425\" srcset=\"https:\/\/marche-fermier.com\/wp-content\/uploads\/2017\/08\/Duval.png 539w, https:\/\/marche-fermier.com\/wp-content\/uploads\/2017\/08\/Duval-300x237.png 300w\" sizes=\"(max-width: 539px) 100vw, 539px\" alt=\"Noyant\" \t\tclass=\"so-widget-image\"\/>\n\t<\/div>\n\n<\/div><\/div><\/div><\/div><\/div><div id=\"pg-1532-1\"  class=\"panel-grid panel-no-style\" ><div id=\"pgc-1532-1-0\"  class=\"panel-grid-cell panel-grid-cell-empty\" ><\/div><div id=\"pgc-1532-1-1\"  class=\"panel-grid-cell panel-grid-cell-mobile-last\" ><div id=\"panel-1532-1-1-0\" class=\"so-panel widget widget_sow-editor panel-first-child panel-last-child\" data-index=\"2\" ><div class=\"panel-widget-style panel-widget-style-for-1532-1-1-0\" ><div\n\t\t\t\n\t\t\tclass=\"so-widget-sow-editor so-widget-sow-editor-base\"\n\t\t\t\n\t\t>\n<div class=\"siteorigin-widget-tinymce textwidget\">\n\t<p><span style=\"color: #993300; font-size: 18pt;\">\u00c9leveurs de lapins depuis 1992,c\u2019est en 2011 que nous avons d\u00e9cid\u00e9 de nous consacrer \u00e0 la transformation et la vente directe. Nos 90 m\u00e8res donnent naissance chacune \u00e0 environ 70 lapereaux par an. Nous les engraissons durant 13 \u00e0 19 semaines avec un aliment riche en fibres et sans antibiotique ni OGM. Si besoin, nous les soignons aux huiles essentielles et extraits de plantes. Nous les abattons ensuite et les pr\u00e9parons dans notre labo \u00e0 la ferme afin de vous les proposer en carcasses enti\u00e8res, entiers d\u00e9coup\u00e9s, ou en morceaux, r\u00e2bles, cuisses... Participant ensemble \u00e0 la plupart des t\u00e2ches, vous retrouverez Jean-Pierre sur certain points de vente et Sylvie au March\u00e9 Fermier avec ses savoureuses terrines.<br \/>\n<\/span><\/p>\n<\/div>\n<\/div><\/div><\/div><\/div><div id=\"pgc-1532-1-2\"  class=\"panel-grid-cell panel-grid-cell-empty\" ><\/div><\/div><\/div>","protected":false},"excerpt":{"rendered":"<p>T\u00e9l : 02 41 89 31 62 \u00c9leveurs de lapins depuis 1992,c\u2019est en 2011 que nous avons d\u00e9cid\u00e9 de nous consacrer \u00e0 la transformation et la vente directe. Nos 90 m\u00e8res donnent naissance chacune \u00e0 environ 70 lapereaux par an. Nous les engraissons durant 13 \u00e0 19 semaines avec un aliment riche en fibres et sans antibiotique ni OGM. Si besoin, nous les soignons aux huiles essentielles et extraits de plantes. Nous les abattons ensuite et les pr\u00e9parons dans notre labo \u00e0 la ferme afin de vous les proposer en carcasses enti\u00e8res, entiers d\u00e9coup\u00e9s, ou en morceaux, r\u00e2bles, cuisses&#8230; Participant ensemble \u00e0 la plupart des t\u00e2ches, vous retrouverez Jean-Pierre sur certain points de vente et Sylvie au March\u00e9 Fermier avec ses savoureuses terrines.<\/p>\n","protected":false},"author":1,"featured_media":0,"parent":0,"menu_order":0,"comment_status":"closed","ping_status":"closed","template":"","meta":{"footnotes":""},"class_list":["post-1532","page","type-page","status-publish","hentry"],"_links":{"self":[{"href":"https:\/\/marche-fermier.com\/index.php\/wp-json\/wp\/v2\/pages\/1532"}],"collection":[{"href":"https:\/\/marche-fermier.com\/index.php\/wp-json\/wp\/v2\/pages"}],"about":[{"href":"https:\/\/marche-fermier.com\/index.php\/wp-json\/wp\/v2\/types\/page"}],"author":[{"embeddable":true,"href":"https:\/\/marche-fermier.com\/index.php\/wp-json\/wp\/v2\/users\/1"}],"replies":[{"embeddable":true,"href":"https:\/\/marche-fermier.com\/index.php\/wp-json\/wp\/v2\/comments?post=1532"}],"version-history":[{"count":18,"href":"https:\/\/marche-fermier.com\/index.php\/wp-json\/wp\/v2\/pages\/1532\/revisions"}],"predecessor-version":[{"id":4069,"href":"https:\/\/marche-fermier.com\/index.php\/wp-json\/wp\/v2\/pages\/1532\/revisions\/4069"}],"wp:attachment":[{"href":"https:\/\/marche-fermier.com\/index.php\/wp-json\/wp\/v2\/media?parent=1532"}],"curies":[{"name":"wp","href":"https:\/\/api.w.org\/{rel}","templated":true}]}}