{"id":26,"date":"2017-07-04T11:51:52","date_gmt":"2017-07-04T09:51:52","guid":{"rendered":"http:\/\/marche-fermier.com\/?page_id=26"},"modified":"2025-10-03T10:38:25","modified_gmt":"2025-10-03T08:38:25","slug":"produits","status":"publish","type":"page","link":"https:\/\/marche-fermier.com\/index.php\/produits\/","title":{"rendered":"Produits"},"content":{"rendered":"<div id=\"pl-26\"  class=\"panel-layout\" ><div id=\"pg-26-0\"  class=\"panel-grid panel-no-style\" ><div id=\"pgc-26-0-0\"  class=\"panel-grid-cell\" ><div id=\"panel-26-0-0-0\" class=\"so-panel widget widget_media_image panel-first-child panel-last-child\" data-index=\"0\" ><img loading=\"lazy\" decoding=\"async\" width=\"150\" height=\"150\" src=\"https:\/\/marche-fermier.com\/wp-content\/uploads\/2017\/07\/L\u00e9gumes-jaune-vert.jpg\" class=\"image wp-image-503  attachment-full size-full\" alt=\"\" style=\"max-width: 100%; height: auto;\" \/><\/div><\/div><div id=\"pgc-26-0-1\"  class=\"panel-grid-cell\" ><div id=\"panel-26-0-1-0\" class=\"so-panel widget widget_sow-editor panel-first-child panel-last-child\" data-index=\"1\" ><div\n\t\t\t\n\t\t\tclass=\"so-widget-sow-editor so-widget-sow-editor-base\"\n\t\t\t\n\t\t>\n<div class=\"siteorigin-widget-tinymce textwidget\">\n\t<p><span style=\"font-size: 24pt; color: #993300;\">L\u00e9gumes de saison<\/span><\/p>\n<p><a href=\"https:\/\/marche-fermier.com\/index.php\/legumes-4\/\"><span style=\"font-size: 14pt;\">Champignons de Paris<\/span><\/a><br \/>\n<a href=\"https:\/\/marche-fermier.com\/index.php\/pascal-et-patricia-richard\/\"><span style=\"font-size: 14pt;\">Melon, endive.<\/span><\/a><br \/>\n<span style=\"font-size: 14pt;\"><a href=\"https:\/\/marche-fermier.com\/index.php\/legumes\/\">Autres l\u00e9gumes.<\/a><\/span><\/p>\n<\/div>\n<\/div><\/div><\/div><div id=\"pgc-26-0-2\"  class=\"panel-grid-cell panel-grid-cell-empty\" ><\/div><div id=\"pgc-26-0-3\"  class=\"panel-grid-cell\" ><div id=\"panel-26-0-3-0\" class=\"so-panel widget widget_metaslider_widget panel-first-child panel-last-child\" data-index=\"2\" ><div id=\"metaslider-id-85\" style=\"width: 100%;\" class=\"ml-slider-3-91-0 metaslider metaslider-flex metaslider-85 ml-slider ms-theme-default nav-hidden\" role=\"region\" aria-roledescription=\"Slideshow\" aria-label=\"Produits\">\n    <div id=\"metaslider_container_85\">\n        <div id=\"metaslider_85\">\n            <ul class='slides'>\n                <li style=\"display: block; width: 100%;\" class=\"slide-98 ms-image \" aria-roledescription=\"slide\" aria-label=\"slide-98\"><img loading=\"lazy\" decoding=\"async\" src=\"https:\/\/marche-fermier.com\/wp-content\/uploads\/2017\/07\/P6160159-700x450.jpg\" height=\"450\" width=\"700\" alt=\"\" class=\"slider-85 slide-98\" \/><\/li>\n                <li style=\"display: none; width: 100%;\" class=\"slide-100 ms-image \" aria-roledescription=\"slide\" aria-label=\"slide-100\"><img loading=\"lazy\" decoding=\"async\" src=\"https:\/\/marche-fermier.com\/wp-content\/uploads\/2017\/07\/P6160148-700x450.jpg\" height=\"450\" width=\"700\" alt=\"\" class=\"slider-85 slide-100\" \/><\/li>\n                <li style=\"display: none; width: 100%;\" class=\"slide-99 ms-image \" aria-roledescription=\"slide\" aria-label=\"slide-99\"><img loading=\"lazy\" decoding=\"async\" src=\"https:\/\/marche-fermier.com\/wp-content\/uploads\/2017\/07\/PxLait-1-700x450.jpg\" height=\"450\" width=\"700\" alt=\"\" class=\"slider-85 slide-99\" \/><\/li>\n                <li style=\"display: none; width: 100%;\" class=\"slide-101 ms-image \" aria-roledescription=\"slide\" aria-label=\"slide-101\"><img loading=\"lazy\" decoding=\"async\" src=\"https:\/\/marche-fermier.com\/wp-content\/uploads\/2021\/04\/Filets-700x450.jpg\" height=\"450\" width=\"700\" alt=\"\" class=\"slider-85 slide-101\" \/><\/li>\n                <li style=\"display: none; width: 100%;\" class=\"slide-102 ms-image \" aria-roledescription=\"slide\" aria-label=\"slide-102\"><img loading=\"lazy\" decoding=\"async\" src=\"https:\/\/marche-fermier.com\/wp-content\/uploads\/2021\/04\/Noisette-raisin-700x450.jpg\" height=\"450\" width=\"700\" alt=\"\" class=\"slider-85 slide-102\" \/><\/li>\n                <li style=\"display: none; width: 100%;\" class=\"slide-103 ms-image \" aria-roledescription=\"slide\" aria-label=\"slide-103\"><img loading=\"lazy\" decoding=\"async\" src=\"https:\/\/marche-fermier.com\/wp-content\/uploads\/2017\/07\/P6090079-700x450.jpg\" height=\"450\" width=\"700\" alt=\"\" class=\"slider-85 slide-103\" \/><\/li>\n                <li style=\"display: none; width: 100%;\" class=\"slide-109 ms-image \" aria-roledescription=\"slide\" aria-label=\"slide-109\"><img loading=\"lazy\" decoding=\"async\" src=\"https:\/\/marche-fermier.com\/wp-content\/uploads\/2021\/04\/Pain-d\u00e9pice-700x450.jpg\" height=\"450\" width=\"700\" alt=\"\" class=\"slider-85 slide-109\" \/><\/li>\n                <li style=\"display: none; width: 100%;\" class=\"slide-104 ms-image \" aria-roledescription=\"slide\" aria-label=\"slide-104\"><img loading=\"lazy\" decoding=\"async\" src=\"https:\/\/marche-fermier.com\/wp-content\/uploads\/2017\/07\/P6090049-700x450.jpg\" height=\"450\" width=\"700\" alt=\"\" class=\"slider-85 slide-104\" \/><\/li>\n                <li style=\"display: none; width: 100%;\" class=\"slide-105 ms-image \" aria-roledescription=\"slide\" aria-label=\"slide-105\"><img loading=\"lazy\" decoding=\"async\" src=\"https:\/\/marche-fermier.com\/wp-content\/uploads\/2017\/07\/P6090034-700x450.jpg\" height=\"450\" width=\"700\" alt=\"\" class=\"slider-85 slide-105\" \/><\/li>\n                <li style=\"display: none; width: 100%;\" class=\"slide-107 ms-image \" aria-roledescription=\"slide\" aria-label=\"slide-107\"><img loading=\"lazy\" decoding=\"async\" src=\"https:\/\/marche-fermier.com\/wp-content\/uploads\/2017\/07\/IMG_4825-700x450.jpg\" height=\"450\" width=\"700\" alt=\"\" class=\"slider-85 slide-107\" \/><\/li>\n                <li style=\"display: none; width: 100%;\" class=\"slide-108 ms-image \" aria-roledescription=\"slide\" aria-label=\"slide-108\"><img loading=\"lazy\" decoding=\"async\" src=\"https:\/\/marche-fermier.com\/wp-content\/uploads\/2017\/07\/IMG_4824-700x450.jpg\" height=\"450\" width=\"700\" alt=\"\" class=\"slider-85 slide-108\" \/><\/li>\n                <li style=\"display: none; width: 100%;\" class=\"slide-110 ms-image \" aria-roledescription=\"slide\" aria-label=\"slide-110\"><img loading=\"lazy\" decoding=\"async\" src=\"https:\/\/marche-fermier.com\/wp-content\/uploads\/2021\/04\/DSC_2322-e1617812093688-700x450.jpg\" height=\"450\" width=\"700\" alt=\"\" class=\"slider-85 slide-110\" \/><\/li>\n                <li style=\"display: none; width: 100%;\" class=\"slide-3027 ms-image \" aria-roledescription=\"slide\" aria-label=\"slide-3027\"><img loading=\"lazy\" decoding=\"async\" src=\"https:\/\/marche-fermier.com\/wp-content\/uploads\/2021\/04\/PRODUITS-FINIS08-700x450.jpg\" height=\"450\" width=\"700\" alt=\"\" class=\"slider-85 slide-3027\" title=\"PRODUITS FINIS08\" \/><\/li>\n            <\/ul>\n        <\/div>\n        \n    <\/div>\n<\/div><\/div><\/div><\/div><div id=\"pg-26-1\"  class=\"panel-grid panel-no-style\" ><div id=\"pgc-26-1-0\"  class=\"panel-grid-cell\" ><div id=\"panel-26-1-0-0\" class=\"so-panel widget widget_media_image panel-first-child panel-last-child\" data-index=\"3\" ><img loading=\"lazy\" decoding=\"async\" width=\"150\" height=\"150\" src=\"https:\/\/marche-fermier.com\/wp-content\/uploads\/2017\/07\/fruits-jaune-vert.jpg\" class=\"image wp-image-500  attachment-full size-full\" alt=\"\" style=\"max-width: 100%; height: auto;\" \/><\/div><\/div><div id=\"pgc-26-1-1\"  class=\"panel-grid-cell\" ><div id=\"panel-26-1-1-0\" class=\"so-panel widget widget_sow-editor panel-first-child panel-last-child\" data-index=\"4\" ><div\n\t\t\t\n\t\t\tclass=\"so-widget-sow-editor so-widget-sow-editor-base\"\n\t\t\t\n\t\t>\n<div class=\"siteorigin-widget-tinymce textwidget\">\n\t<p><span style=\"font-size: 24pt; color: #993300;\">Fruits de saison<br \/>\n<\/span><\/p>\n<p><span style=\"font-size: 14pt; color: #993300;\"><a href=\"https:\/\/marche-fermier.com\/index.php\/fruits\/\">Pommes, poires,<\/a> <a href=\"https:\/\/marche-fermier.com\/index.php\/earl-fruits-loir\/\">fruits rouges, fruits \u00e0 noyaux,<\/a> <a href=\"https:\/\/marche-fermier.com\/index.php\/paul-gautreau\/\">noix, noisettes, kiwis<\/a> <span style=\"color: #497dd6;\"><\/span><br \/>\n<\/span><\/p>\n<p>&nbsp;<\/p>\n<\/div>\n<\/div><\/div><\/div><div id=\"pgc-26-1-2\"  class=\"panel-grid-cell\" ><div id=\"panel-26-1-2-0\" class=\"so-panel widget widget_media_image panel-first-child panel-last-child\" data-index=\"5\" ><img loading=\"lazy\" decoding=\"async\" width=\"150\" height=\"150\" src=\"https:\/\/marche-fermier.com\/wp-content\/uploads\/2017\/07\/Viande-jaune-rouge.jpg\" class=\"image wp-image-507  attachment-full size-full\" alt=\"\" style=\"max-width: 100%; height: auto;\" \/><\/div><\/div><div id=\"pgc-26-1-3\"  class=\"panel-grid-cell\" ><div id=\"panel-26-1-3-0\" class=\"so-panel widget widget_sow-editor panel-first-child panel-last-child\" data-index=\"6\" ><div\n\t\t\t\n\t\t\tclass=\"so-widget-sow-editor so-widget-sow-editor-base\"\n\t\t\t\n\t\t>\n<div class=\"siteorigin-widget-tinymce textwidget\">\n\t<p><span style=\"font-size: 24pt; color: #993300;\">Viandes<\/span><\/p>\n<p><span style=\"font-size: 14pt; color: #993300;\"><a href=\"http:\/\/marche-fermier.com\/index.php\/florence-cochard\/\">Charcuterie<\/a>, <a href=\"http:\/\/marche-fermier.com\/index.php\/scea-biches-baugeois\/\">b\u0153uf<\/a>, <a href=\"http:\/\/marche-fermier.com\/index.php\/olivier-triboire\/\">veau,<\/a> <a href=\"http:\/\/marche-fermier.com\/index.php\/earl-de-casserie\/\">agneau,<\/a> <a href=\"http:\/\/marche-fermier.com\/index.php\/scea-biches-baugeois\/\">daguet,<\/a> <a href=\"http:\/\/marche-fermier.com\/index.php\/olivier-triboire\/\">chevreau<\/a>...<\/span><\/p>\n<\/div>\n<\/div><\/div><\/div><\/div><div id=\"pg-26-2\"  class=\"panel-grid panel-no-style\" ><div id=\"pgc-26-2-0\"  class=\"panel-grid-cell\" ><div id=\"panel-26-2-0-0\" class=\"so-panel widget widget_media_image panel-first-child panel-last-child\" data-index=\"7\" ><img loading=\"lazy\" decoding=\"async\" width=\"150\" height=\"150\" src=\"https:\/\/marche-fermier.com\/wp-content\/uploads\/2017\/07\/Produits-laitiers-jaune-rouge.jpg\" class=\"image wp-image-506  attachment-full size-full\" alt=\"\" style=\"max-width: 100%; height: auto;\" \/><\/div><\/div><div id=\"pgc-26-2-1\"  class=\"panel-grid-cell\" ><div id=\"panel-26-2-1-0\" class=\"so-panel widget widget_sow-editor panel-first-child panel-last-child\" data-index=\"8\" ><div class=\"panel-widget-style panel-widget-style-for-26-2-1-0\" ><div\n\t\t\t\n\t\t\tclass=\"so-widget-sow-editor so-widget-sow-editor-base\"\n\t\t\t\n\t\t>\n<div class=\"siteorigin-widget-tinymce textwidget\">\n\t<p><span style=\"font-size: 24pt; color: #993300;\">Produits laitiers<\/span><\/p>\n<p><span style=\"font-size: 14pt; color: #993300;\"><a href=\"https:\/\/marche-fermier.com\/index.php\/gaec-des-mimosas\/\">Vache<\/a> : lait cru, beurre, cr\u00e8me fra\u00eeche, camembert, fromage frais, riz au lait, yaourts...<\/span><\/p>\n<p><span style=\"font-size: 14pt; color: #993300;\"><a href=\"https:\/\/marche-fermier.com\/index.php\/anjou-biquettes\/\">Ch\u00e8vre<\/a> : demi-sec, frais natures, aromatis\u00e9s, buches, crottins, pi\u00e8ces d'Aval, yaourts...<\/span><\/p>\n<p><span style=\"font-size: 14pt; color: #993300;\"><a href=\"https:\/\/marche-fermier.com\/index.php\/bergerie-de-violaie\/\">Brebis<\/a> : yaourts, tomme.<\/span><\/p>\n<p><a href=\"http:\/\/marche-fermier.com\/index.php\/gaec_de_legrassiere\/\"><span style=\"font-size: 14pt;\">Glaces<\/span><\/a><\/p>\n<\/div>\n<\/div><\/div><\/div><\/div><div id=\"pgc-26-2-2\"  class=\"panel-grid-cell\" ><div id=\"panel-26-2-2-0\" class=\"so-panel widget widget_media_image panel-first-child panel-last-child\" data-index=\"9\" ><img loading=\"lazy\" decoding=\"async\" width=\"150\" height=\"150\" src=\"https:\/\/marche-fermier.com\/wp-content\/uploads\/2017\/07\/Volaille-jaune-orange.jpg\" class=\"image wp-image-508  attachment-full size-full\" alt=\"\" style=\"max-width: 100%; height: auto;\" \/><\/div><\/div><div id=\"pgc-26-2-3\"  class=\"panel-grid-cell\" ><div id=\"panel-26-2-3-0\" class=\"so-panel widget widget_sow-editor panel-first-child panel-last-child\" data-index=\"10\" ><div\n\t\t\t\n\t\t\tclass=\"so-widget-sow-editor so-widget-sow-editor-base\"\n\t\t\t\n\t\t>\n<div class=\"siteorigin-widget-tinymce textwidget\">\n\t<p><span style=\"font-size: 24pt; color: #993300;\">Volailles<\/span><\/p>\n<p><span style=\"font-size: 14pt; color: #993300;\"><a href=\"https:\/\/marche-fermier.com\/index.php\/earl-des-feuilles\/\">Poulet, pintade, dinde, chapon, pintade chaponn\u00e9e, oie.<\/a><br \/>\n<\/span><\/p>\n<p><span style=\"font-size: 14pt; color: #993300;\"><a href=\"https:\/\/marche-fermier.com\/index.php\/produits-sucres\/\">Canard, Magret, foie gras, plats cuisin\u00e9s \u00e0 base de canard gras.<\/a><\/span><\/p>\n<p><span style=\"font-size: 14pt; color: #993300;\"><a href=\"https:\/\/marche-fermier.com\/index.php\/karine-dominique-fouchard\/\">Pigeon, pigeonneau<\/a>.<br \/>\n<\/span><\/p>\n<p><span style=\"font-size: 14pt; color: #993300;\"><a href=\"https:\/\/marche-fermier.com\/index.php\/scea-la-becassiere\/\">Lapin entier ou en morceaux et produits d\u00e9riv\u00e9s<\/a>.<\/span><\/p>\n<p><span style=\"font-size: 14pt; color: #993300;\"><a href=\"https:\/\/marche-fermier.com\/index.php\/olivier-triboire\/\">Chevreau<\/a>.<\/span><\/p>\n<\/div>\n<\/div><\/div><\/div><\/div><div id=\"pg-26-3\"  class=\"panel-grid panel-no-style\" ><div id=\"pgc-26-3-0\"  class=\"panel-grid-cell\" ><div id=\"panel-26-3-0-0\" class=\"so-panel widget widget_media_image panel-first-child panel-last-child\" data-index=\"11\" ><img loading=\"lazy\" decoding=\"async\" width=\"150\" height=\"150\" src=\"https:\/\/marche-fermier.com\/wp-content\/uploads\/2017\/07\/Poissons-Jaune-Bleu.jpg\" class=\"image wp-image-504  attachment-full size-full\" alt=\"\" style=\"max-width: 100%; height: auto;\" \/><\/div><\/div><div id=\"pgc-26-3-1\"  class=\"panel-grid-cell\" ><div id=\"panel-26-3-1-0\" class=\"so-panel widget widget_sow-editor panel-first-child panel-last-child\" data-index=\"12\" ><div\n\t\t\t\n\t\t\tclass=\"so-widget-sow-editor so-widget-sow-editor-base\"\n\t\t\t\n\t\t>\n<div class=\"siteorigin-widget-tinymce textwidget\">\n\t<p><span style=\"font-size: 24pt; color: #993300;\">Poissons - Escargots<br \/>\n<\/span><\/p>\n<p><span style=\"font-size: 14pt; color: #993300;\"><a href=\"https:\/\/marche-fermier.com\/index.php\/snc-les-moulins\/\">Truite :<\/a> filet, pav\u00e9s, filets fum\u00e9s, truites portions...<\/span><\/p>\n<p><span style=\"font-size: 14pt; color: #993300;\"><a href=\"https:\/\/marche-fermier.com\/index.php\/escargots\/\">Escargots :<\/a> coquilles, bouch\u00e9es, bocaux, recette traditionnelle, noix ou Roquefort...<br \/>\n<\/span><\/p>\n<\/div>\n<\/div><\/div><\/div><div id=\"pgc-26-3-2\"  class=\"panel-grid-cell\" ><div id=\"panel-26-3-2-0\" class=\"so-panel widget widget_media_image panel-first-child panel-last-child\" data-index=\"13\" ><img loading=\"lazy\" decoding=\"async\" width=\"150\" height=\"150\" src=\"https:\/\/marche-fermier.com\/wp-content\/uploads\/2021\/04\/Epicerie.jpg\" class=\"image wp-image-3066  attachment-full size-full\" alt=\"\" style=\"max-width: 100%; height: auto;\" \/><\/div><\/div><div id=\"pgc-26-3-3\"  class=\"panel-grid-cell\" ><div id=\"panel-26-3-3-0\" class=\"so-panel widget widget_sow-editor panel-first-child panel-last-child\" data-index=\"14\" ><div\n\t\t\t\n\t\t\tclass=\"so-widget-sow-editor so-widget-sow-editor-base\"\n\t\t\t\n\t\t>\n<div class=\"siteorigin-widget-tinymce textwidget\">\n\t<h2 class=\"qrShPb kno-ecr-pt PZPZlf mfMhoc\" data-local-attribute=\"d3bn\" data-attrid=\"title\" data-ved=\"2ahUKEwjTsJjtkaHwAhVKQBoKHdp-AOIQ3B0oATAwegQIUxAL\"><span style=\"font-size: 24pt; color: #993300;\">\u00c9picerie<\/span><\/h2>\n<p><span style=\"font-size: 14pt; color: #993300;\"><a href=\"https:\/\/marche-fermier.com\/index.php\/thomaslecomte\/\">Huile de tournesol, colza et cameline.<\/a><br \/>\n<\/span><\/p>\n<p><span style=\"font-size: 14pt;\"><a href=\"https:\/\/marche-fermier.com\/index.php\/gaec-des-mimosas\/\">Farine de bl\u00e9,<\/a> <a href=\"https:\/\/marche-fermier.com\/index.php\/pain-patisserie\/\">farine de bl\u00e9 noir et d'\u00e9peautre. <\/a><\/span><\/p>\n<p><span style=\"font-size: 14pt; color: #993300;\"><a href=\"https:\/\/marche-fermier.com\/index.php\/gaec-point-jour\/\">P\u00e2tes semi-compl\u00e8te: <\/a>spaghetti, coquillette, vermicelle...<\/span><\/p>\n<p><span style=\"font-size: 14pt; color: #993300;\"><a href=\"https:\/\/marche-fermier.com\/index.php\/paul-gautreau\/\">Noix et produits d\u00e9riv\u00e9s:\u00a0<\/a>farine, cerneaux, huile...<\/span><\/p>\n<\/div>\n<\/div><\/div><\/div><\/div><div id=\"pg-26-4\"  class=\"panel-grid panel-no-style\" ><div id=\"pgc-26-4-0\"  class=\"panel-grid-cell\" ><div id=\"panel-26-4-0-0\" class=\"so-panel widget widget_media_image panel-first-child panel-last-child\" data-index=\"15\" ><img loading=\"lazy\" decoding=\"async\" width=\"150\" height=\"150\" src=\"https:\/\/marche-fermier.com\/wp-content\/uploads\/2017\/07\/Boissons.jpg\" class=\"image wp-image-585  attachment-full size-full\" alt=\"\" style=\"max-width: 100%; height: auto;\" \/><\/div><\/div><div id=\"pgc-26-4-1\"  class=\"panel-grid-cell\" ><div id=\"panel-26-4-1-0\" class=\"so-panel widget widget_sow-editor panel-first-child panel-last-child\" data-index=\"16\" ><div\n\t\t\t\n\t\t\tclass=\"so-widget-sow-editor so-widget-sow-editor-base\"\n\t\t\t\n\t\t>\n<div class=\"siteorigin-widget-tinymce textwidget\">\n\t<p><span style=\"font-size: 24pt; color: #993300;\">\u00a0Boissons<\/span><\/p>\n<p><span style=\"font-size: 14pt;\"><span style=\"color: #993300;\"><a href=\"http:\/\/marche-fermier.com\/index.php\/earl-coignard-benesteau\/\">Vins d'Anjou,<\/a> <a href=\"http:\/\/marche-fermier.com\/index.php\/earl-coignard-benesteau\/\">Cr\u00e9mant de Loire,<\/a> <a href=\"http:\/\/marche-fermier.com\/index.php\/paul-gautreau\/\">Vin de Noix,<\/a> <a href=\"http:\/\/marche-fermier.com\/index.php\/fruits\/\">Jus de fruits.<\/a><\/span><br \/>\n<\/span><\/p>\n<\/div>\n<\/div><\/div><\/div><div id=\"pgc-26-4-2\"  class=\"panel-grid-cell\" ><div id=\"panel-26-4-2-0\" class=\"so-panel widget widget_media_image panel-first-child panel-last-child\" data-index=\"17\" ><img loading=\"lazy\" decoding=\"async\" width=\"150\" height=\"150\" src=\"https:\/\/marche-fermier.com\/wp-content\/uploads\/2017\/07\/Produits-de-la-ruche-jaune-orange.jpg\" class=\"image wp-image-505  attachment-full size-full\" alt=\"\" style=\"max-width: 100%; height: auto;\" \/><\/div><\/div><div id=\"pgc-26-4-3\"  class=\"panel-grid-cell\" ><div id=\"panel-26-4-3-0\" class=\"so-panel widget widget_sow-editor panel-first-child panel-last-child\" data-index=\"18\" ><div\n\t\t\t\n\t\t\tclass=\"so-widget-sow-editor so-widget-sow-editor-base\"\n\t\t\t\n\t\t>\n<div class=\"siteorigin-widget-tinymce textwidget\">\n\t<p><span style=\"font-size: 24pt; color: #993300;\">Produits de la ruche<\/span><\/p>\n<p><span style=\"font-size: 14pt;\"><span style=\"color: #993300;\"><a href=\"http:\/\/marche-fermier.com\/index.php\/gaec-freslon\/\">Produits de la ruche<\/a> : Miels, gel\u00e9e royale, bonbons au miel, pain d'\u00e9pice nature, aux figues ou au chocolat...<\/span><br \/><\/span><\/p>\n<\/div>\n<\/div><\/div><\/div><\/div><div id=\"pg-26-5\"  class=\"panel-grid panel-no-style\" ><div id=\"pgc-26-5-0\"  class=\"panel-grid-cell\" ><div id=\"panel-26-5-0-0\" class=\"so-panel widget widget_media_image panel-first-child panel-last-child\" data-index=\"19\" ><img loading=\"lazy\" decoding=\"async\" width=\"150\" height=\"150\" src=\"https:\/\/marche-fermier.com\/wp-content\/uploads\/2021\/04\/Pain.jpg\" class=\"image wp-image-3065  attachment-full size-full\" alt=\"\" style=\"max-width: 100%; height: auto;\" \/><\/div><\/div><div id=\"pgc-26-5-1\"  class=\"panel-grid-cell\" ><div id=\"panel-26-5-1-0\" class=\"so-panel widget widget_sow-editor panel-first-child panel-last-child\" data-index=\"20\" ><div\n\t\t\t\n\t\t\tclass=\"so-widget-sow-editor so-widget-sow-editor-base\"\n\t\t\t\n\t\t>\n<div class=\"siteorigin-widget-tinymce textwidget\">\n\t<p><span style=\"font-size: 24pt; color: #993300;\">Pains<\/span><\/p>\n<p><span style=\"font-size: 14pt;\"><a style=\"color: #0000ff;\" href=\"https:\/\/marche-fermier.com\/index.php\/pain-patisserie\/\"><span style=\"color: #993300;\">Pains : Nature, s\u00e9same, \u00e9peautre, multigraines...<\/span><\/a><\/span><\/p>\n<p><span style=\"font-size: 14pt;\"><a href=\"https:\/\/marche-fermier.com\/index.php\/pain-patisserie\/\"><span style=\"color: #993300;\">Brioches et tourtons.<\/span><\/a><\/span><\/p>\n<\/div>\n<\/div><\/div><\/div><div id=\"pgc-26-5-2\"  class=\"panel-grid-cell\" ><div id=\"panel-26-5-2-0\" class=\"so-panel widget widget_media_image panel-first-child panel-last-child\" data-index=\"21\" ><img loading=\"lazy\" decoding=\"async\" width=\"150\" height=\"150\" src=\"https:\/\/marche-fermier.com\/wp-content\/uploads\/2021\/04\/Fleurs.jpg\" class=\"image wp-image-3064  attachment-full size-full\" alt=\"\" style=\"max-width: 100%; height: auto;\" \/><\/div><\/div><div id=\"pgc-26-5-3\"  class=\"panel-grid-cell\" ><div id=\"panel-26-5-3-0\" class=\"so-panel widget widget_sow-editor panel-first-child panel-last-child\" data-index=\"22\" ><div\n\t\t\t\n\t\t\tclass=\"so-widget-sow-editor so-widget-sow-editor-base\"\n\t\t\t\n\t\t>\n<div class=\"siteorigin-widget-tinymce textwidget\">\n\t<p><span style=\"font-size: 24pt; color: #993300;\">Fleurs<br \/>\n<\/span><\/p>\n<p><span style=\"font-size: 14pt;\"><span style=\"color: #993300;\"><a href=\"http:\/\/marche-fermier.com\/index.php\/annie-didier-girard\/\">Fleurs<\/a> : Fleurs coup\u00e9es<\/span><br \/>\n<\/span><\/p>\n<\/div>\n<\/div><\/div><\/div><\/div><\/div>","protected":false},"excerpt":{"rendered":"<p>L\u00e9gumes de saison Champignons de Paris Melon, endive. Autres l\u00e9gumes. Fruits de saison Pommes, poires, fruits rouges, fruits \u00e0 noyaux, noix, noisettes, kiwis &nbsp; Viandes Charcuterie, b\u0153uf, veau, agneau, daguet, chevreau&#8230;<\/p>\n","protected":false},"author":1,"featured_media":0,"parent":0,"menu_order":0,"comment_status":"closed","ping_status":"closed","template":"","meta":{"footnotes":""},"class_list":["post-26","page","type-page","status-publish","hentry"],"_links":{"self":[{"href":"https:\/\/marche-fermier.com\/index.php\/wp-json\/wp\/v2\/pages\/26"}],"collection":[{"href":"https:\/\/marche-fermier.com\/index.php\/wp-json\/wp\/v2\/pages"}],"about":[{"href":"https:\/\/marche-fermier.com\/index.php\/wp-json\/wp\/v2\/types\/page"}],"author":[{"embeddable":true,"href":"https:\/\/marche-fermier.com\/index.php\/wp-json\/wp\/v2\/users\/1"}],"replies":[{"embeddable":true,"href":"https:\/\/marche-fermier.com\/index.php\/wp-json\/wp\/v2\/comments?post=26"}],"version-history":[{"count":202,"href":"https:\/\/marche-fermier.com\/index.php\/wp-json\/wp\/v2\/pages\/26\/revisions"}],"predecessor-version":[{"id":4010,"href":"https:\/\/marche-fermier.com\/index.php\/wp-json\/wp\/v2\/pages\/26\/revisions\/4010"}],"wp:attachment":[{"href":"https:\/\/marche-fermier.com\/index.php\/wp-json\/wp\/v2\/media?parent=26"}],"curies":[{"name":"wp","href":"https:\/\/api.w.org\/{rel}","templated":true}]}}