{"id":329,"date":"2017-07-05T17:27:07","date_gmt":"2017-07-05T15:27:07","guid":{"rendered":"http:\/\/marche-fermier.com\/?page_id=329"},"modified":"2025-10-03T17:45:44","modified_gmt":"2025-10-03T15:45:44","slug":"anjou-biquettes","status":"publish","type":"page","link":"https:\/\/marche-fermier.com\/index.php\/anjou-biquettes\/","title":{"rendered":"EARL Anjou Biquettes"},"content":{"rendered":"<div id=\"pl-329\"  class=\"panel-layout\" ><div id=\"pg-329-0\"  class=\"panel-grid panel-no-style\" ><div id=\"pgc-329-0-0\"  class=\"panel-grid-cell\" ><div id=\"panel-329-0-0-0\" class=\"so-panel widget widget_sow-editor panel-first-child panel-last-child\" data-index=\"0\" ><div class=\"panel-widget-style panel-widget-style-for-329-0-0-0\" ><div\n\t\t\t\n\t\t\tclass=\"so-widget-sow-editor so-widget-sow-editor-base\"\n\t\t\t\n\t\t>\n<div class=\"siteorigin-widget-tinymce textwidget\">\n\t<p><img loading=\"lazy\" decoding=\"async\" class=\"aligncenter size-medium wp-image-3253\" src=\"http:\/\/marche-fermier.com\/wp-content\/uploads\/2022\/01\/Photo-page-prod-site-copie-300x223.jpg\" alt=\"\" width=\"300\" height=\"223\" srcset=\"https:\/\/marche-fermier.com\/wp-content\/uploads\/2022\/01\/Photo-page-prod-site-copie-300x223.jpg 300w, https:\/\/marche-fermier.com\/wp-content\/uploads\/2022\/01\/Photo-page-prod-site-copie.jpg 500w\" sizes=\"(max-width: 300px) 100vw, 300px\" \/><\/p>\n<p style=\"text-align: center;\"><span style=\"color: #2b1d02; font-size: 14pt;\"><a href=\"https:\/\/fermeanjoubiquettes.fr\/accueil\/\" target=\"_blank\" rel=\"noopener\">Ferme Anjou Biquettes<br \/>\n<\/a>T\u00e9l : 06 86 42 79 63 <\/span><\/p>\n<\/div>\n<\/div><\/div><\/div><\/div><div id=\"pgc-329-0-1\"  class=\"panel-grid-cell\" ><div id=\"panel-329-0-1-0\" class=\"so-panel widget widget_sow-image panel-first-child panel-last-child\" data-index=\"1\" ><div class=\"panel-widget-style panel-widget-style-for-329-0-1-0\" ><div\n\t\t\t\n\t\t\tclass=\"so-widget-sow-image so-widget-sow-image-default-8b5b6f678277-329\"\n\t\t\t\n\t\t>\n\n<div class=\"sow-image-container\">\n\t\t<img loading=\"lazy\" decoding=\"async\" src=\"https:\/\/marche-fermier.com\/wp-content\/uploads\/2022\/07\/Cheffes.png\" width=\"539\" height=\"425\" srcset=\"https:\/\/marche-fermier.com\/wp-content\/uploads\/2022\/07\/Cheffes.png 539w, https:\/\/marche-fermier.com\/wp-content\/uploads\/2022\/07\/Cheffes-300x237.png 300w\" sizes=\"(max-width: 539px) 100vw, 539px\" alt=\"Noyant\" \t\tclass=\"so-widget-image\"\/>\n\t<\/div>\n\n<\/div><\/div><\/div><\/div><\/div><div id=\"pg-329-1\"  class=\"panel-grid panel-no-style\" ><div id=\"pgc-329-1-0\"  class=\"panel-grid-cell panel-grid-cell-empty\" ><\/div><div id=\"pgc-329-1-1\"  class=\"panel-grid-cell panel-grid-cell-mobile-last\" ><div id=\"panel-329-1-1-0\" class=\"so-panel widget widget_sow-editor panel-first-child panel-last-child\" data-index=\"2\" ><div class=\"panel-widget-style panel-widget-style-for-329-1-1-0\" ><div\n\t\t\t\n\t\t\tclass=\"so-widget-sow-editor so-widget-sow-editor-base\"\n\t\t\t\n\t\t>\n<div class=\"siteorigin-widget-tinymce textwidget\">\n\t<p><span style=\"color: #993300; font-size: 18pt;\">Depuis janvier 2022 vous pouvez d\u00e9guster les fromages de ch\u00e8vre de l'EARL Anjou Biquettes de Cheffes, produits par Jean-Paul et Ga\u00ebtan CHAUVET et leur \u00e9quipe.<br \/>\nPlus d'informations \u00e0 venir...<br \/>\n<\/span><\/p>\n<p>&nbsp;<\/p>\n<\/div>\n<\/div><\/div><\/div><\/div><div id=\"pgc-329-1-2\"  class=\"panel-grid-cell panel-grid-cell-empty\" ><\/div><\/div><\/div>","protected":false},"excerpt":{"rendered":"<p>Ferme Anjou Biquettes T\u00e9l : 06 86 42 79 63 Depuis janvier 2022 vous pouvez d\u00e9guster les fromages de ch\u00e8vre de l&#8217;EARL Anjou Biquettes de Cheffes, produits par Jean-Paul et Ga\u00ebtan CHAUVET et leur \u00e9quipe. Plus d&#8217;informations \u00e0 venir&#8230; &nbsp;<\/p>\n","protected":false},"author":1,"featured_media":0,"parent":0,"menu_order":0,"comment_status":"closed","ping_status":"closed","template":"","meta":{"footnotes":""},"class_list":["post-329","page","type-page","status-publish","hentry"],"_links":{"self":[{"href":"https:\/\/marche-fermier.com\/index.php\/wp-json\/wp\/v2\/pages\/329"}],"collection":[{"href":"https:\/\/marche-fermier.com\/index.php\/wp-json\/wp\/v2\/pages"}],"about":[{"href":"https:\/\/marche-fermier.com\/index.php\/wp-json\/wp\/v2\/types\/page"}],"author":[{"embeddable":true,"href":"https:\/\/marche-fermier.com\/index.php\/wp-json\/wp\/v2\/users\/1"}],"replies":[{"embeddable":true,"href":"https:\/\/marche-fermier.com\/index.php\/wp-json\/wp\/v2\/comments?post=329"}],"version-history":[{"count":31,"href":"https:\/\/marche-fermier.com\/index.php\/wp-json\/wp\/v2\/pages\/329\/revisions"}],"predecessor-version":[{"id":4047,"href":"https:\/\/marche-fermier.com\/index.php\/wp-json\/wp\/v2\/pages\/329\/revisions\/4047"}],"wp:attachment":[{"href":"https:\/\/marche-fermier.com\/index.php\/wp-json\/wp\/v2\/media?parent=329"}],"curies":[{"name":"wp","href":"https:\/\/api.w.org\/{rel}","templated":true}]}}